{"id":131612,"date":"2023-08-18T16:31:27","date_gmt":"2023-08-18T14:31:27","guid":{"rendered":"http:\/\/e3mag.com\/?post_type=tribe_events&#038;p=131612"},"modified":"2023-08-18T16:41:38","modified_gmt":"2023-08-18T14:41:38","slug":"it-sa-expo-et-congres","status":"publish","type":"tribe_events","link":"https:\/\/e3mag.com\/fr\/event\/it-sa-expo-und-kongress\/","title":{"rendered":"it-sa Expo&amp;Congress - le salon professionnel leader en Europe pour la s\u00e9curit\u00e9 informatique"},"content":{"rendered":"<p><strong>Focus sur la s\u00e9curit\u00e9 informatique : remise des prix \u00e0 l'it-sa Expo&amp;Congress<\/strong><\/p>\n<p><strong>Lors du plus grand salon professionnel de la s\u00e9curit\u00e9 informatique en Europe, it-sa Expo@Congress, qui se tiendra du 10 au 12 octobre \u00e0 Nuremberg, le th\u00e8me de la promotion des jeunes talents occupera une place importante. Des remises de prix dans le cadre du programme parall\u00e8le r\u00e9compenseront les performances des futurs et jeunes professionnels. Des performances particuli\u00e8res dans le domaine de la (cyber)r\u00e9silience seront \u00e9galement r\u00e9compens\u00e9es. Le prix ATHENE Startup Award UP23@it-sa met l'accent sur la force d'innovation du secteur de la s\u00e9curit\u00e9 informatique : ce prix tr\u00e8s convoit\u00e9 r\u00e9compense la meilleure start-up en mati\u00e8re de cybers\u00e9curit\u00e9 dans les pays germanophones. \u00a0<\/strong><\/p>\n<p>Plusieurs prix seront d\u00e9cern\u00e9s \u00e0 l'it-sa Expo&amp;Congress pour r\u00e9compenser les performances exceptionnelles des futurs sp\u00e9cialistes et professionnels de la s\u00e9curit\u00e9 informatique - et donc leur importante contribution \u00e0 la s\u00e9curit\u00e9 \u00e0 l'\u00e8re num\u00e9rique. En collaboration avec le centre de recherche national pour la cybers\u00e9curit\u00e9 appliqu\u00e9e ATHENE et l'association IT-Sicherheitscluster e.V., l'it-sa r\u00e9compense \u00e9galement les jeunes fournisseurs de s\u00e9curit\u00e9 informatique innovants avec le prix ATHENE Startup Award UP23@it-sa.<\/p>\n<p><strong>Prix d'encouragement CAST pour la s\u00e9curit\u00e9 informatique destin\u00e9 aux travaux d'\u00e9tudiants<\/strong><\/p>\n<p>Les travaux de fin d'\u00e9tudes exceptionnels seront r\u00e9compens\u00e9s le premier jour du salon it-sa par le prix d'encouragement CAST S\u00e9curit\u00e9 informatique 2023. La finale aura d\u00e9j\u00e0 lieu la veille du salon dans le cadre du programme de congr\u00e8s qui l'accompagne.<\/p>\n<p><strong>Hacking-Challenge : \"Le meilleur hacker d'Allemagne\" \u00e0 l'it-sa <\/strong><\/p>\n<p>Le meilleur hacker d'Allemagne 2023 sera pr\u00e9sent\u00e9 dans le cadre du programme de l'it-sa Expo&amp;Congress. L'initiative men\u00e9e par Marco di Filippo a pour objectif \"d'inciter la prochaine g\u00e9n\u00e9ration \u00e0 s'int\u00e9resser \u00e0 l'informatique et \u00e0 la s\u00e9curit\u00e9 informatique\" et de promouvoir une perception positive des hackers \u00e9thiques. Plusieurs d\u00e9fis en ligne et une finale finale \u00e0 Dortmund permettront de d\u00e9terminer qui sera sur sc\u00e8ne \u00e0 Nuremberg.<\/p>\n<p><strong>IBCRM Resilience Award : la r\u00e9silience globale est demand\u00e9e dans les organisations <\/strong><\/p>\n<p>Avec le Resilience Award, l'Institut f\u00fcr Business Continuity &amp; Resilience Management r\u00e9compense \u00e0 l'it-sa des projets qui se distinguent par une gestion globale de la r\u00e9silience. L'accent est mis sur l'\u00e9troite imbrication de la s\u00e9curit\u00e9 de l'information et de l'informatique, de la protection des donn\u00e9es, de la gestion de la continuit\u00e9 des activit\u00e9s et d'autres disciplines comme la gestion de crise.<\/p>\n<p><strong>Meilleure start-up de cybers\u00e9curit\u00e9 : ATHENE Startup Award UP23@it-sa <\/strong><\/p>\n<p>Pour la sixi\u00e8me fois d\u00e9j\u00e0, la meilleure startup dans le domaine de la protection des donn\u00e9es et de la s\u00e9curit\u00e9 informatique d'Allemagne, d'Autriche et de Suisse sera r\u00e9compens\u00e9e \u00e0 l'it-sa. Outre le potentiel d'innovation, un jury compos\u00e9 de huit experts \u00e9valuera entre autres le mod\u00e8le commercial, le succ\u00e8s \u00e9conomique, le marketing et la distribution ainsi que la vision d'entreprise des candidats. Le 11 octobre, les cinq startups nomin\u00e9es par le jury s'affronteront lors d'un pitch \u00e0 l'it-sa pour d\u00e9terminer qui recevra le troph\u00e9e tant convoit\u00e9. Les trois premiers recevront entre autres des prix d'un montant de 5.000, 2.500 et 1.250 euros.<\/p>\n<p>Plus d'informations sur l'it-sa Expo&amp;Congress sous :\u00a0 <a href=\"https:\/\/www.itsa365.de\/it-sa-expo-congress\" target=\"_blank\" rel=\"noopener\">www.itsa365.de\/it-sa-expo-congress<\/a><\/p>","protected":false},"excerpt":{"rendered":"<p>Fokus IT-Sicherheit: Preisverleihungen auf der it-sa Expo&amp;Congress Auf Europas gr\u00f6\u00dfter IT-Sicherheitsfachmesse it-sa Expo@Congress, die vom 10. bis 12. Oktober in N\u00fcrnberg stattfindet, nimmt das Thema Nachwuchsf\u00f6rderung eine wichtige Rolle ein. Preisverleihungen im Rahmenprogramm w\u00fcrdigen die Leistung angehender und junger Fachkr\u00e4fte. Geehrt werden auch besondere Leistungen im Bereich der (Cyber-)Resilienz. Die Innovationskraft der IT-Sicherheitsbranche r\u00fcckt der [&hellip;]<\/p>\n","protected":false},"author":38,"featured_media":131613,"template":"","meta":{"_acf_changed":false,"pmpro_default_level":"","_tribe_events_status":"","_tribe_events_status_reason":"","footnotes":""},"tags":[20346,6124,1790,1516],"tribe_events_cat":[41690,41692],"coauthors":[19920],"class_list":["post-131612","tribe_events","type-tribe_events","status-publish","has-post-thumbnail","hentry","tag-cybersecurity","tag-it-sa","tag-it-security","tag-security","tribe_events_cat-fachtagung","tribe_events_cat-kongress","pmpro-has-access","cat_fachtagung","cat_kongress"],"acf":[],"featured_image_urls_v2":{"full":["https:\/\/e3mag.com\/wp-content\/uploads\/2023\/08\/ITSA-23_Image_TradeFair6_747x289px_RGB_300dpi.jpg",747,289,false],"thumbnail":["https:\/\/e3mag.com\/wp-content\/uploads\/2023\/08\/ITSA-23_Image_TradeFair6_747x289px_RGB_300dpi-150x150.jpg",150,150,true],"medium":["https:\/\/e3mag.com\/wp-content\/uploads\/2023\/08\/ITSA-23_Image_TradeFair6_747x289px_RGB_300dpi-400x155.jpg",400,155,true],"medium_large":["https:\/\/e3mag.com\/wp-content\/uploads\/2023\/08\/ITSA-23_Image_TradeFair6_747x289px_RGB_300dpi.jpg",747,289,false],"large":["https:\/\/e3mag.com\/wp-content\/uploads\/2023\/08\/ITSA-23_Image_TradeFair6_747x289px_RGB_300dpi.jpg",747,289,false],"image-100":["https:\/\/e3mag.com\/wp-content\/uploads\/2023\/08\/ITSA-23_Image_TradeFair6_747x289px_RGB_300dpi-100x39.jpg",100,39,true],"image-480":["https:\/\/e3mag.com\/wp-content\/uploads\/2023\/08\/ITSA-23_Image_TradeFair6_747x289px_RGB_300dpi-480x186.jpg",480,186,true],"image-640":["https:\/\/e3mag.com\/wp-content\/uploads\/2023\/08\/ITSA-23_Image_TradeFair6_747x289px_RGB_300dpi-640x248.jpg",640,248,true],"image-720":["https:\/\/e3mag.com\/wp-content\/uploads\/2023\/08\/ITSA-23_Image_TradeFair6_747x289px_RGB_300dpi-720x279.jpg",720,279,true],"image-960":["https:\/\/e3mag.com\/wp-content\/uploads\/2023\/08\/ITSA-23_Image_TradeFair6_747x289px_RGB_300dpi.jpg",747,289,false],"image-1168":["https:\/\/e3mag.com\/wp-content\/uploads\/2023\/08\/ITSA-23_Image_TradeFair6_747x289px_RGB_300dpi.jpg",747,289,false],"image-1440":["https:\/\/e3mag.com\/wp-content\/uploads\/2023\/08\/ITSA-23_Image_TradeFair6_747x289px_RGB_300dpi.jpg",747,289,false],"image-1920":["https:\/\/e3mag.com\/wp-content\/uploads\/2023\/08\/ITSA-23_Image_TradeFair6_747x289px_RGB_300dpi.jpg",747,289,false],"1536x1536":["https:\/\/e3mag.com\/wp-content\/uploads\/2023\/08\/ITSA-23_Image_TradeFair6_747x289px_RGB_300dpi.jpg",747,289,false],"2048x2048":["https:\/\/e3mag.com\/wp-content\/uploads\/2023\/08\/ITSA-23_Image_TradeFair6_747x289px_RGB_300dpi.jpg",747,289,false],"trp-custom-language-flag":["https:\/\/e3mag.com\/wp-content\/uploads\/2023\/08\/ITSA-23_Image_TradeFair6_747x289px_RGB_300dpi-18x7.jpg",18,7,true],"bricks_large_16x9":["https:\/\/e3mag.com\/wp-content\/uploads\/2023\/08\/ITSA-23_Image_TradeFair6_747x289px_RGB_300dpi.jpg",747,289,false],"bricks_large":["https:\/\/e3mag.com\/wp-content\/uploads\/2023\/08\/ITSA-23_Image_TradeFair6_747x289px_RGB_300dpi.jpg",747,289,false],"bricks_large_square":["https:\/\/e3mag.com\/wp-content\/uploads\/2023\/08\/ITSA-23_Image_TradeFair6_747x289px_RGB_300dpi.jpg",747,289,false],"bricks_medium":["https:\/\/e3mag.com\/wp-content\/uploads\/2023\/08\/ITSA-23_Image_TradeFair6_747x289px_RGB_300dpi-600x232.jpg",600,232,true],"bricks_medium_square":["https:\/\/e3mag.com\/wp-content\/uploads\/2023\/08\/ITSA-23_Image_TradeFair6_747x289px_RGB_300dpi-600x289.jpg",600,289,true],"profile_24":["https:\/\/e3mag.com\/wp-content\/uploads\/2023\/08\/ITSA-23_Image_TradeFair6_747x289px_RGB_300dpi-24x24.jpg",24,24,true],"profile_48":["https:\/\/e3mag.com\/wp-content\/uploads\/2023\/08\/ITSA-23_Image_TradeFair6_747x289px_RGB_300dpi-48x48.jpg",48,48,true],"profile_96":["https:\/\/e3mag.com\/wp-content\/uploads\/2023\/08\/ITSA-23_Image_TradeFair6_747x289px_RGB_300dpi-96x96.jpg",96,96,true],"profile_150":["https:\/\/e3mag.com\/wp-content\/uploads\/2023\/08\/ITSA-23_Image_TradeFair6_747x289px_RGB_300dpi-150x150.jpg",150,150,true],"profile_300":["https:\/\/e3mag.com\/wp-content\/uploads\/2023\/08\/ITSA-23_Image_TradeFair6_747x289px_RGB_300dpi-300x289.jpg",300,289,true]},"post_excerpt_stackable_v2":"<p>Fokus IT-Sicherheit: Preisverleihungen auf der it-sa Expo&amp;Congress Auf Europas gr\u00f6\u00dfter IT-Sicherheitsfachmesse it-sa Expo@Congress, die vom 10. bis 12. Oktober in N\u00fcrnberg stattfindet, nimmt das Thema Nachwuchsf\u00f6rderung eine wichtige Rolle ein. Preisverleihungen im Rahmenprogramm w\u00fcrdigen die Leistung angehender und junger Fachkr\u00e4fte. Geehrt werden auch besondere Leistungen im Bereich der (Cyber-)Resilienz. Die Innovationskraft der IT-Sicherheitsbranche r\u00fcckt der ATHENE Startup Award UP23@it-sa in den Fokus: Der begehrte Preis wird f\u00fcr das beste Cybersecurity-Startup im deutschsprachigen Raum vergeben. \u00a0 Mit mehreren Preisverleihungen werden auf der it-sa Expo&amp;Congress herausragende Leistungen von angehenden Fachkr\u00e4ften und IT-SecurityProfessionals gew\u00fcrdigt \u2013 und damit ihr wichtiger Beitrag f\u00fcr die Sicherheit\u2026<\/p>\n","category_list_v2":"","author_info_v2":{"name":"Magazine E-3","url":"https:\/\/e3mag.com\/fr\/author\/e-3-magazin\/"},"comments_num_v2":"0 commentaire","_links":{"self":[{"href":"https:\/\/e3mag.com\/fr\/wp-json\/wp\/v2\/tribe_events\/131612","targetHints":{"allow":["GET"]}}],"collection":[{"href":"https:\/\/e3mag.com\/fr\/wp-json\/wp\/v2\/tribe_events"}],"about":[{"href":"https:\/\/e3mag.com\/fr\/wp-json\/wp\/v2\/types\/tribe_events"}],"author":[{"embeddable":true,"href":"https:\/\/e3mag.com\/fr\/wp-json\/wp\/v2\/users\/38"}],"version-history":[{"count":1,"href":"https:\/\/e3mag.com\/fr\/wp-json\/wp\/v2\/tribe_events\/131612\/revisions"}],"predecessor-version":[{"id":131614,"href":"https:\/\/e3mag.com\/fr\/wp-json\/wp\/v2\/tribe_events\/131612\/revisions\/131614"}],"wp:featuredmedia":[{"embeddable":true,"href":"https:\/\/e3mag.com\/fr\/wp-json\/wp\/v2\/media\/131613"}],"wp:attachment":[{"href":"https:\/\/e3mag.com\/fr\/wp-json\/wp\/v2\/media?parent=131612"}],"wp:term":[{"taxonomy":"post_tag","embeddable":true,"href":"https:\/\/e3mag.com\/fr\/wp-json\/wp\/v2\/tags?post=131612"},{"taxonomy":"tribe_events_cat","embeddable":true,"href":"https:\/\/e3mag.com\/fr\/wp-json\/wp\/v2\/tribe_events_cat?post=131612"},{"taxonomy":"author","embeddable":true,"href":"https:\/\/e3mag.com\/fr\/wp-json\/wp\/v2\/coauthors?post=131612"}],"curies":[{"name":"wp","href":"https:\/\/api.w.org\/{rel}","templated":true}]}}