{"id":121384,"date":"2023-02-01T11:49:52","date_gmt":"2023-02-01T10:49:52","guid":{"rendered":"http:\/\/e3mag.com\/?post_type=tribe_events&#038;p=121384"},"modified":"2024-01-19T13:08:11","modified_gmt":"2024-01-19T12:08:11","slug":"conferencia-anual-evu-process-it-days","status":"publish","type":"tribe_events","link":"https:\/\/e3mag.com\/es\/event\/jahreskonferenz-evu-prozess-it-tage\/","title":{"rendered":"19\u00aa Conferencia Anual EVU Process &amp; IT Days 2023"},"content":{"rendered":"<p>Desaf\u00edo en el aqu\u00ed y ahora entre resiliencia, complejidad y estabilidad<\/p>\n<p>Un entorno din\u00e1mico, la situaci\u00f3n geopol\u00edtica y la inflaci\u00f3n est\u00e1n poniendo a prueba el sistema de suministro energ\u00e9tico en la regi\u00f3n D-A-CH. Esto exige un reajuste de las empresas de suministro energ\u00e9tico en t\u00e9rminos de estrategia, procesos e inform\u00e1tica.<br \/>\nEl lema de la conferencia 2023 de este a\u00f1o es Proveedores de energ\u00eda entre resiliencia, complejidad y estabilidad - \u00a1Encontrar soluciones, aqu\u00ed y ahora!<\/p>\n<p>- EVU en modo crisis - \u00bfQu\u00e9 condiciones marco prev\u00e9 actualmente la BNetzA - legales y reglamentarias?<br \/>\n- Retos actuales de los CEO - Garantizar la liquidez<br \/>\n- CIO Talk: \u00bfC\u00f3mo lograr un equilibrio entre la transformaci\u00f3n digital y la eficiencia de costes en TI?<br \/>\n- Ciberseguridad - Resistencia - \u00bfC\u00f3mo crear una protecci\u00f3n \u00f3ptima, tambi\u00e9n para los sistemas empresariales? \u00bfC\u00f3mo crear conciencia?<br \/>\n- Digitalizaci\u00f3n ad hoc en situaciones de crisis - DigIT native: Implantaci\u00f3n de procesos digitales - Aumento de la eficiencia en la automatizaci\u00f3n de procesos<br \/>\n- Replanteamiento de la gesti\u00f3n de cobros<br \/>\n- La venta de energ\u00eda en transici\u00f3n: de la adquisici\u00f3n masiva a trav\u00e9s de portales?<br \/>\n- Talent Talk: Se buscan talentos - Democratizaci\u00f3n - Nueva forma de trabajar<\/p>\n<p>El sector encontrar\u00e1 respuestas a preguntas concretas en la conferencia: directores generales, directores de sistemas de informaci\u00f3n, jefes de departamento y de divisi\u00f3n, as\u00ed como responsables de la toma de decisiones del sector energ\u00e9tico se reunir\u00e1n en el 19\u00ba Foro Anual EVU Process &amp; IT Days 2023 en Berl\u00edn. Nuestros expertos proceden de las \u00e1reas de TI, ventas, facturaci\u00f3n, atenci\u00f3n al cliente, ventas, gesti\u00f3n de cobros, TI e innovaci\u00f3n, desarrollo empresarial y digitalizaci\u00f3n, redes y medici\u00f3n. Hablamos de facturaci\u00f3n alternativa, as\u00ed como de S\/4 HANA, automatizaci\u00f3n de marketing, control de redes, ciberseguridad y minimizaci\u00f3n de riesgos, nube, paso a plataforma y mucho m\u00e1s.<\/p>\n<p>\u00bfC\u00f3mo garantizamos la liquidez y, por tanto, el futuro de nuestro suministro energ\u00e9tico? \u00bfC\u00f3mo podemos hacer que los pedidos y la facturaci\u00f3n sean a\u00fan m\u00e1s eficientes? \u00bfC\u00f3mo gestionamos el equilibrio entre la transformaci\u00f3n digital y la eficiencia de costes? \u00bfQu\u00e9 estrategias se est\u00e1n siguiendo en el negocio operativo? \u00bfC\u00f3mo podemos encontrar talento para los grandes retos?<\/p>","protected":false},"excerpt":{"rendered":"<p>Herausforderung im Hier und Jetzt zwischen Resilienz, Komplexit\u00e4t und Stabilit\u00e4t Ein dynamisches Umfeld, die geopolitische Lage und die Inflation stellen das System der Energieversorgung in der D-A-CH-Region auf dem Pr\u00fcfstand. Das erfordert eine Neuausrichtung der Energieversorgungsunternehe in der Strategie, in den Prozessen und der IT. Das Motto der diesj\u00e4hrigen Konferenz 2023 ist Energieversorger zwischen Resilienz, [&hellip;]<\/p>\n","protected":false},"author":2368,"featured_media":121387,"template":"","meta":{"_acf_changed":false,"pmpro_default_level":"","_tribe_events_status":"","_tribe_events_status_reason":"","footnotes":""},"tags":[],"tribe_events_cat":[42124],"coauthors":[39720],"class_list":["post-121384","tribe_events","type-tribe_events","status-publish","has-post-thumbnail","hentry","tribe_events_cat-event","pmpro-has-access","cat_event"],"acf":[],"featured_image_urls_v2":{"full":["https:\/\/e3mag.com\/wp-content\/uploads\/2023\/02\/2023-04_iqpc_EVU-titelbild_747x289.jpg",747,289,false],"thumbnail":["https:\/\/e3mag.com\/wp-content\/uploads\/2023\/02\/2023-04_iqpc_EVU-titelbild_747x289-150x150.jpg",150,150,true],"medium":["https:\/\/e3mag.com\/wp-content\/uploads\/2023\/02\/2023-04_iqpc_EVU-titelbild_747x289-400x155.jpg",400,155,true],"medium_large":["https:\/\/e3mag.com\/wp-content\/uploads\/2023\/02\/2023-04_iqpc_EVU-titelbild_747x289.jpg",747,289,false],"large":["https:\/\/e3mag.com\/wp-content\/uploads\/2023\/02\/2023-04_iqpc_EVU-titelbild_747x289.jpg",747,289,false],"image-100":["https:\/\/e3mag.com\/wp-content\/uploads\/2023\/02\/2023-04_iqpc_EVU-titelbild_747x289-100x39.jpg",100,39,true],"image-480":["https:\/\/e3mag.com\/wp-content\/uploads\/2023\/02\/2023-04_iqpc_EVU-titelbild_747x289-480x186.jpg",480,186,true],"image-640":["https:\/\/e3mag.com\/wp-content\/uploads\/2023\/02\/2023-04_iqpc_EVU-titelbild_747x289-640x248.jpg",640,248,true],"image-720":["https:\/\/e3mag.com\/wp-content\/uploads\/2023\/02\/2023-04_iqpc_EVU-titelbild_747x289-720x279.jpg",720,279,true],"image-960":["https:\/\/e3mag.com\/wp-content\/uploads\/2023\/02\/2023-04_iqpc_EVU-titelbild_747x289.jpg",747,289,false],"image-1168":["https:\/\/e3mag.com\/wp-content\/uploads\/2023\/02\/2023-04_iqpc_EVU-titelbild_747x289.jpg",747,289,false],"image-1440":["https:\/\/e3mag.com\/wp-content\/uploads\/2023\/02\/2023-04_iqpc_EVU-titelbild_747x289.jpg",747,289,false],"image-1920":["https:\/\/e3mag.com\/wp-content\/uploads\/2023\/02\/2023-04_iqpc_EVU-titelbild_747x289.jpg",747,289,false],"1536x1536":["https:\/\/e3mag.com\/wp-content\/uploads\/2023\/02\/2023-04_iqpc_EVU-titelbild_747x289.jpg",747,289,false],"2048x2048":["https:\/\/e3mag.com\/wp-content\/uploads\/2023\/02\/2023-04_iqpc_EVU-titelbild_747x289.jpg",747,289,false],"trp-custom-language-flag":["https:\/\/e3mag.com\/wp-content\/uploads\/2023\/02\/2023-04_iqpc_EVU-titelbild_747x289.jpg",18,7,false],"bricks_large_16x9":["https:\/\/e3mag.com\/wp-content\/uploads\/2023\/02\/2023-04_iqpc_EVU-titelbild_747x289.jpg",747,289,false],"bricks_large":["https:\/\/e3mag.com\/wp-content\/uploads\/2023\/02\/2023-04_iqpc_EVU-titelbild_747x289.jpg",747,289,false],"bricks_large_square":["https:\/\/e3mag.com\/wp-content\/uploads\/2023\/02\/2023-04_iqpc_EVU-titelbild_747x289.jpg",747,289,false],"bricks_medium":["https:\/\/e3mag.com\/wp-content\/uploads\/2023\/02\/2023-04_iqpc_EVU-titelbild_747x289.jpg",600,232,false],"bricks_medium_square":["https:\/\/e3mag.com\/wp-content\/uploads\/2023\/02\/2023-04_iqpc_EVU-titelbild_747x289.jpg",600,232,false],"profile_24":["https:\/\/e3mag.com\/wp-content\/uploads\/2023\/02\/2023-04_iqpc_EVU-titelbild_747x289-24x24.jpg",24,24,true],"profile_48":["https:\/\/e3mag.com\/wp-content\/uploads\/2023\/02\/2023-04_iqpc_EVU-titelbild_747x289-48x48.jpg",48,48,true],"profile_96":["https:\/\/e3mag.com\/wp-content\/uploads\/2023\/02\/2023-04_iqpc_EVU-titelbild_747x289-96x96.jpg",96,96,true],"profile_150":["https:\/\/e3mag.com\/wp-content\/uploads\/2023\/02\/2023-04_iqpc_EVU-titelbild_747x289-150x150.jpg",150,150,true],"profile_300":["https:\/\/e3mag.com\/wp-content\/uploads\/2023\/02\/2023-04_iqpc_EVU-titelbild_747x289-300x289.jpg",300,289,true]},"post_excerpt_stackable_v2":"<p>Herausforderung im Hier und Jetzt zwischen Resilienz, Komplexit\u00e4t und Stabilit\u00e4t Ein dynamisches Umfeld, die geopolitische Lage und die Inflation stellen das System der Energieversorgung in der D-A-CH-Region auf dem Pr\u00fcfstand. Das erfordert eine Neuausrichtung der Energieversorgungsunternehe in der Strategie, in den Prozessen und der IT. Das Motto der diesj\u00e4hrigen Konferenz 2023 ist Energieversorger zwischen Resilienz, Komplexit\u00e4t und Stabilit\u00e4t &#8211; L\u00f6sungen finden \u2013 im Hier und Jetzt! \u2022 EVU im Krisenmodus \u2013 Welche Rahmenbedingungen plant die BNetzA aktuell \u2013 rechtlich und regulatorisch? \u2022 Aktuelle Herausforderungen der CEOs \u2013 Liquidit\u00e4t sichern \u2022 CIO Talk: Wie gl\u00fcckt der Spagat zwischen Digitaler Transformation und&hellip;<\/p>\n","category_list_v2":"","author_info_v2":{"name":"E3 Magazine","url":"https:\/\/e3mag.com\/es\/author\/e3_magazin\/"},"comments_num_v2":"0 comentarios","_links":{"self":[{"href":"https:\/\/e3mag.com\/es\/wp-json\/wp\/v2\/tribe_events\/121384","targetHints":{"allow":["GET"]}}],"collection":[{"href":"https:\/\/e3mag.com\/es\/wp-json\/wp\/v2\/tribe_events"}],"about":[{"href":"https:\/\/e3mag.com\/es\/wp-json\/wp\/v2\/types\/tribe_events"}],"author":[{"embeddable":true,"href":"https:\/\/e3mag.com\/es\/wp-json\/wp\/v2\/users\/2368"}],"version-history":[{"count":1,"href":"https:\/\/e3mag.com\/es\/wp-json\/wp\/v2\/tribe_events\/121384\/revisions"}],"predecessor-version":[{"id":137713,"href":"https:\/\/e3mag.com\/es\/wp-json\/wp\/v2\/tribe_events\/121384\/revisions\/137713"}],"wp:featuredmedia":[{"embeddable":true,"href":"https:\/\/e3mag.com\/es\/wp-json\/wp\/v2\/media\/121387"}],"wp:attachment":[{"href":"https:\/\/e3mag.com\/es\/wp-json\/wp\/v2\/media?parent=121384"}],"wp:term":[{"taxonomy":"post_tag","embeddable":true,"href":"https:\/\/e3mag.com\/es\/wp-json\/wp\/v2\/tags?post=121384"},{"taxonomy":"tribe_events_cat","embeddable":true,"href":"https:\/\/e3mag.com\/es\/wp-json\/wp\/v2\/tribe_events_cat?post=121384"},{"taxonomy":"author","embeddable":true,"href":"https:\/\/e3mag.com\/es\/wp-json\/wp\/v2\/coauthors?post=121384"}],"curies":[{"name":"wp","href":"https:\/\/api.w.org\/{rel}","templated":true}]}}